{"id":306,"date":"2024-08-06T13:03:27","date_gmt":"2024-08-06T11:03:27","guid":{"rendered":"https:\/\/amicalelaiquettt.fr\/?page_id=306"},"modified":"2025-11-20T13:17:07","modified_gmt":"2025-11-20T12:17:07","slug":"actualites","status":"publish","type":"page","link":"https:\/\/amicalelaiquettt.fr\/index.php\/actualites\/","title":{"rendered":"Actualit\u00e9s"},"content":{"rendered":"\n<h2 class=\"wp-block-heading\"><strong>Nouvelles activit\u00e9s !<\/strong><\/h2>\n\n\n\n<p>A l&rsquo;occasion de la nouvelle saison 2025-2026, nous vous proposons de nouvelles activit\u00e9s pour rassembler les g\u00e9n\u00e9rations et nos deux villages, en toute convivialit\u00e9 : <strong>Marche en Famille(s)<\/strong> et <strong>Jeux de soci\u00e9t\u00e9<\/strong><\/p>\n\n\n\n<figure class=\"wp-block-image\"><img loading=\"lazy\" decoding=\"async\" width=\"1024\" height=\"573\" src=\"https:\/\/amicalelaiquettt.fr\/wp-content\/uploads\/2025\/11\/Image_Rando-Familles-1024x573.jpg\" alt=\"\" class=\"wp-image-588\" srcset=\"https:\/\/amicalelaiquettt.fr\/wp-content\/uploads\/2025\/11\/Image_Rando-Familles-1024x573.jpg 1024w, https:\/\/amicalelaiquettt.fr\/wp-content\/uploads\/2025\/11\/Image_Rando-Familles-300x168.jpg 300w, https:\/\/amicalelaiquettt.fr\/wp-content\/uploads\/2025\/11\/Image_Rando-Familles-768x430.jpg 768w, https:\/\/amicalelaiquettt.fr\/wp-content\/uploads\/2025\/11\/Image_Rando-Familles-1536x860.jpg 1536w, https:\/\/amicalelaiquettt.fr\/wp-content\/uploads\/2025\/11\/Image_Rando-Familles.jpg 1600w\" sizes=\"auto, (max-width: 1024px) 100vw, 1024px\" \/><\/figure>\n\n\n\n<figure class=\"wp-block-image size-large\"><img loading=\"lazy\" decoding=\"async\" width=\"1024\" height=\"573\" src=\"https:\/\/amicalelaiquettt.fr\/wp-content\/uploads\/2025\/11\/Image_Jeuxdesociete-1024x573.jpg\" alt=\"\" class=\"wp-image-589\" srcset=\"https:\/\/amicalelaiquettt.fr\/wp-content\/uploads\/2025\/11\/Image_Jeuxdesociete-1024x573.jpg 1024w, https:\/\/amicalelaiquettt.fr\/wp-content\/uploads\/2025\/11\/Image_Jeuxdesociete-300x168.jpg 300w, https:\/\/amicalelaiquettt.fr\/wp-content\/uploads\/2025\/11\/Image_Jeuxdesociete-768x430.jpg 768w, https:\/\/amicalelaiquettt.fr\/wp-content\/uploads\/2025\/11\/Image_Jeuxdesociete-1536x860.jpg 1536w, https:\/\/amicalelaiquettt.fr\/wp-content\/uploads\/2025\/11\/Image_Jeuxdesociete.jpg 1600w\" sizes=\"auto, (max-width: 1024px) 100vw, 1024px\" \/><\/figure>\n\n\n\n<p class=\"has-text-align-center\"><strong><mark style=\"background-color:rgba(0, 0, 0, 0)\" class=\"has-inline-color has-secondary-bg-color-color\">Et aussi&#8230;<\/mark><\/strong><\/p>\n\n\n\n<p>Ouverture d&rsquo;un <strong>atelier libre de Techniques Picturales <\/strong>(le groupe est d\u00e9j\u00e0 complet)<\/p>\n\n\n\n<figure class=\"wp-block-gallery has-nested-images columns-default is-cropped wp-block-gallery-1 is-layout-flex wp-block-gallery-is-layout-flex\">\n<figure class=\"wp-block-image size-large\"><img loading=\"lazy\" decoding=\"async\" width=\"602\" height=\"228\" data-id=\"594\" src=\"https:\/\/amicalelaiquettt.fr\/wp-content\/uploads\/2025\/11\/TechnPict_a.jpg\" alt=\"\" class=\"wp-image-594\" srcset=\"https:\/\/amicalelaiquettt.fr\/wp-content\/uploads\/2025\/11\/TechnPict_a.jpg 602w, https:\/\/amicalelaiquettt.fr\/wp-content\/uploads\/2025\/11\/TechnPict_a-300x114.jpg 300w\" sizes=\"auto, (max-width: 602px) 100vw, 602px\" \/><\/figure>\n\n\n\n<figure class=\"wp-block-image size-large\"><img loading=\"lazy\" decoding=\"async\" width=\"613\" height=\"154\" data-id=\"595\" src=\"https:\/\/amicalelaiquettt.fr\/wp-content\/uploads\/2025\/11\/TechnPict_b.jpg\" alt=\"\" class=\"wp-image-595\" srcset=\"https:\/\/amicalelaiquettt.fr\/wp-content\/uploads\/2025\/11\/TechnPict_b.jpg 613w, https:\/\/amicalelaiquettt.fr\/wp-content\/uploads\/2025\/11\/TechnPict_b-300x75.jpg 300w\" sizes=\"auto, (max-width: 613px) 100vw, 613px\" \/><\/figure>\n<\/figure>\n\n\n\n<p><\/p>\n\n\n\n<p><\/p>\n\n\n\n<p><\/p>\n\n\n\n<p><\/p>\n\n\n\n<p class=\"has-text-align-center\">***<\/p>\n\n\n\n<p class=\"has-text-align-center\"><strong><mark style=\"background-color:rgba(0, 0, 0, 0)\" class=\"has-inline-color has-secondary-bg-color-color\">A vos agendas !<\/mark><\/strong><\/p>\n\n\n\n<p>   <\/p>\n\n\n\n<div class=\"wp-block-media-text is-stacked-on-mobile\"><figure class=\"wp-block-media-text__media\"><img loading=\"lazy\" decoding=\"async\" width=\"1024\" height=\"768\" src=\"https:\/\/amicalelaiquettt.fr\/wp-content\/uploads\/2025\/11\/Galette-1-1024x768.jpg\" alt=\"\" class=\"wp-image-606 size-full\" srcset=\"https:\/\/amicalelaiquettt.fr\/wp-content\/uploads\/2025\/11\/Galette-1-1024x768.jpg 1024w, https:\/\/amicalelaiquettt.fr\/wp-content\/uploads\/2025\/11\/Galette-1-300x225.jpg 300w, https:\/\/amicalelaiquettt.fr\/wp-content\/uploads\/2025\/11\/Galette-1-768x576.jpg 768w, https:\/\/amicalelaiquettt.fr\/wp-content\/uploads\/2025\/11\/Galette-1.jpg 1200w\" sizes=\"auto, (max-width: 1024px) 100vw, 1024px\" \/><\/figure><div class=\"wp-block-media-text__content\">\n<p class=\"has-text-align-center\">La date de la <\/p>\n\n\n\n<p class=\"has-text-align-center\">soir\u00e9e <strong>Galette <\/strong><\/p>\n\n\n\n<p class=\"has-text-align-center\">est fix\u00e9e : <\/p>\n\n\n\n<p class=\"has-text-align-center\"><strong>vendredi 23 janvier 2026<\/strong><\/p>\n<\/div><\/div>\n\n\n\n<p><\/p>\n\n\n\n<p>Au plaisir de vous y retrouver !<\/p>\n\n\n\n<p><\/p>\n\n\n\n<figure class=\"wp-block-gallery has-nested-images columns-default is-cropped wp-block-gallery-2 is-layout-flex wp-block-gallery-is-layout-flex\"><\/figure>\n\n\n\n<h2 class=\"wp-block-heading\"><\/h2>\n\n\n\n<div class=\"wp-block-buttons is-layout-flex wp-block-buttons-is-layout-flex\">\n<div class=\"wp-block-button\"><a class=\"wp-block-button__link wp-element-button\" href=\"https:\/\/amicalelaiquettt.fr\/wp-content\/uploads\/2025\/09\/ALTTT_Programme-20252026_V20250911.pdf\">Acc\u00e9der au Programme ALTTT<\/a><\/div>\n\n\n\n\n\n<div class=\"wp-block-button\"><a class=\"wp-block-button__link wp-element-button\" href=\"https:\/\/amicalelaiquettt.fr\/wp-content\/uploads\/2025\/11\/ALTTT_Bulletin-incription_V20250922.pdf\">Acc\u00e9der au Bulletin d&rsquo;inscription ALTTT<\/a><\/div>\n<\/div>\n\n\n\n<p><\/p>\n","protected":false},"excerpt":{"rendered":"<p>Nouvelles activit\u00e9s ! A l&rsquo;occasion de la nouvelle saison 2025-2026, nous vous proposons de nouvelles activit\u00e9s pour rassembler les g\u00e9n\u00e9rations et nos deux villages, en toute convivialit\u00e9 : Marche en Famille(s) et Jeux de soci\u00e9t\u00e9 Et aussi&#8230; Ouverture d&rsquo;un atelier libre de Techniques Picturales (le groupe est d\u00e9j\u00e0 complet) *** A vos agendas ! La [&hellip;]<\/p>\n","protected":false},"author":1,"featured_media":0,"parent":0,"menu_order":0,"comment_status":"closed","ping_status":"closed","template":"","meta":{"footnotes":""},"class_list":["post-306","page","type-page","status-publish","hentry"],"_links":{"self":[{"href":"https:\/\/amicalelaiquettt.fr\/index.php\/wp-json\/wp\/v2\/pages\/306","targetHints":{"allow":["GET"]}}],"collection":[{"href":"https:\/\/amicalelaiquettt.fr\/index.php\/wp-json\/wp\/v2\/pages"}],"about":[{"href":"https:\/\/amicalelaiquettt.fr\/index.php\/wp-json\/wp\/v2\/types\/page"}],"author":[{"embeddable":true,"href":"https:\/\/amicalelaiquettt.fr\/index.php\/wp-json\/wp\/v2\/users\/1"}],"replies":[{"embeddable":true,"href":"https:\/\/amicalelaiquettt.fr\/index.php\/wp-json\/wp\/v2\/comments?post=306"}],"version-history":[{"count":72,"href":"https:\/\/amicalelaiquettt.fr\/index.php\/wp-json\/wp\/v2\/pages\/306\/revisions"}],"predecessor-version":[{"id":607,"href":"https:\/\/amicalelaiquettt.fr\/index.php\/wp-json\/wp\/v2\/pages\/306\/revisions\/607"}],"wp:attachment":[{"href":"https:\/\/amicalelaiquettt.fr\/index.php\/wp-json\/wp\/v2\/media?parent=306"}],"curies":[{"name":"wp","href":"https:\/\/api.w.org\/{rel}","templated":true}]}}